{"id":4343,"date":"2023-01-10T14:34:03","date_gmt":"2023-01-10T13:34:03","guid":{"rendered":"http:\/\/loronv2.qprq8050.odns.fr\/jean-winery\/"},"modified":"2025-05-16T12:13:57","modified_gmt":"2025-05-16T10:13:57","slug":"freres-lumiere","status":"publish","type":"page","link":"https:\/\/www.loron.fr\/en\/freres-lumiere\/","title":{"rendered":"Sur les traces des Fr\u00e8res Lumi\u00e8re au Ch\u00e2teau Bellevue \u2013 Domaines Loron. D\u00eener immersif le samedi 15 novembre"},"content":{"rendered":"\n<div class=\"wp-block-buttons is-content-justification-center is-layout-flex wp-container-core-buttons-is-layout-1 wp-block-buttons-is-layout-flex\">\n<div class=\"wp-block-button has-custom-width wp-block-button__width-25 is-style-fill\"><a class=\"wp-block-button__link has-text-align-center wp-element-button\" href=\"https:\/\/www.helloasso.com\/associations\/chateaux-en-beaujolais\/evenements\/sur-les-traces-des-freres-lumiere-chateau-bellevue-domaines-loron\" target=\"_blank\" rel=\"noreferrer noopener\">R\u00e9server<\/a><\/div>\n<\/div>\n\n\n\n<blockquote class=\"wp-block-quote is-layout-flow wp-block-quote-is-layout-flow\">\n<p class=\"has-text-align-center\">Acquis dans les ann\u00e9es 1940, le ch\u00e2teau fut la propri\u00e9t\u00e9 d\u2019Henri Lumi\u00e8re, fils d\u2019Auguste Lumi\u00e8re, pendant une d\u00e9cennie. <br>Vins, repas gastronomique et animation th\u00e9\u00e2trale : 240\u20ac\/personne<br>&#8211; Menu et portrait du chef en bas de page &#8211;<\/p>\n<\/blockquote>\n\n\n\n<figure class=\"wp-block-gallery has-nested-images columns-default is-cropped wp-block-gallery-1 is-layout-flex wp-block-gallery-is-layout-flex\">\n<figure class=\"wp-block-image size-large\"><img decoding=\"async\" data-id=\"6708\" src=\"https:\/\/www.loron.fr\/wp-content\/uploads\/2025\/04\/CEB_Key-Visual-A3-Automne-hiver-2025-26-724x1024.jpg\" alt=\"\" class=\"wp-image-6708\"\/><\/figure>\n\n\n\n<figure class=\"wp-block-image size-large\"><img loading=\"lazy\" decoding=\"async\" width=\"819\" height=\"1024\" data-id=\"7025\" src=\"https:\/\/www.loron.fr\/wp-content\/uploads\/2025\/05\/MJL_Pack_2025-03-819x1024.jpg\" alt=\"\" class=\"wp-image-7025\" srcset=\"https:\/\/www.loron.fr\/wp-content\/uploads\/2025\/05\/MJL_Pack_2025-03-819x1024.jpg 819w, https:\/\/www.loron.fr\/wp-content\/uploads\/2025\/05\/MJL_Pack_2025-03-240x300.jpg 240w, https:\/\/www.loron.fr\/wp-content\/uploads\/2025\/05\/MJL_Pack_2025-03-768x960.jpg 768w, https:\/\/www.loron.fr\/wp-content\/uploads\/2025\/05\/MJL_Pack_2025-03-1229x1536.jpg 1229w, https:\/\/www.loron.fr\/wp-content\/uploads\/2025\/05\/MJL_Pack_2025-03-1638x2048.jpg 1638w, https:\/\/www.loron.fr\/wp-content\/uploads\/2025\/05\/MJL_Pack_2025-03-80x100.jpg 80w, https:\/\/www.loron.fr\/wp-content\/uploads\/2025\/05\/MJL_Pack_2025-03-500x625.jpg 500w, https:\/\/www.loron.fr\/wp-content\/uploads\/2025\/05\/MJL_Pack_2025-03-160x200.jpg 160w, https:\/\/www.loron.fr\/wp-content\/uploads\/2025\/05\/MJL_Pack_2025-03-280x350.jpg 280w, https:\/\/www.loron.fr\/wp-content\/uploads\/2025\/05\/MJL_Pack_2025-03-600x750.jpg 600w, https:\/\/www.loron.fr\/wp-content\/uploads\/2025\/05\/MJL_Pack_2025-03-scaled.jpg 2048w\" sizes=\"auto, (max-width: 819px) 100vw, 819px\" \/><\/figure>\n<\/figure>\n\n\n\n<figure class=\"wp-block-gallery has-nested-images columns-default is-cropped wp-block-gallery-2 is-layout-flex wp-block-gallery-is-layout-flex\">\n<figure class=\"wp-block-image size-large\"><img loading=\"lazy\" decoding=\"async\" width=\"1024\" height=\"682\" data-id=\"6817\" src=\"https:\/\/www.loron.fr\/wp-content\/uploads\/2025\/04\/chateau-bellevue_2-edited-1024x682.jpg\" alt=\"\" class=\"wp-image-6817\" srcset=\"https:\/\/www.loron.fr\/wp-content\/uploads\/2025\/04\/chateau-bellevue_2-edited-1024x682.jpg 1024w, https:\/\/www.loron.fr\/wp-content\/uploads\/2025\/04\/chateau-bellevue_2-edited-300x200.jpg 300w, https:\/\/www.loron.fr\/wp-content\/uploads\/2025\/04\/chateau-bellevue_2-edited-768x511.jpg 768w, https:\/\/www.loron.fr\/wp-content\/uploads\/2025\/04\/chateau-bellevue_2-edited-100x67.jpg 100w, https:\/\/www.loron.fr\/wp-content\/uploads\/2025\/04\/chateau-bellevue_2-edited-500x333.jpg 500w, https:\/\/www.loron.fr\/wp-content\/uploads\/2025\/04\/chateau-bellevue_2-edited-200x133.jpg 200w, https:\/\/www.loron.fr\/wp-content\/uploads\/2025\/04\/chateau-bellevue_2-edited-350x233.jpg 350w, https:\/\/www.loron.fr\/wp-content\/uploads\/2025\/04\/chateau-bellevue_2-edited-600x400.jpg 600w, https:\/\/www.loron.fr\/wp-content\/uploads\/2025\/04\/chateau-bellevue_2-edited.jpg 1275w\" sizes=\"auto, (max-width: 1024px) 100vw, 1024px\" \/><\/figure>\n\n\n\n<figure class=\"wp-block-image size-large\"><img loading=\"lazy\" decoding=\"async\" width=\"1024\" height=\"684\" data-id=\"6715\" src=\"https:\/\/www.loron.fr\/wp-content\/uploads\/2025\/04\/58a989ed-e9c3-4018-99ae-8d44fd9e8cec-1024x684.jpg\" alt=\"\" class=\"wp-image-6715\" srcset=\"https:\/\/www.loron.fr\/wp-content\/uploads\/2025\/04\/58a989ed-e9c3-4018-99ae-8d44fd9e8cec-1024x684.jpg 1024w, https:\/\/www.loron.fr\/wp-content\/uploads\/2025\/04\/58a989ed-e9c3-4018-99ae-8d44fd9e8cec-300x200.jpg 300w, https:\/\/www.loron.fr\/wp-content\/uploads\/2025\/04\/58a989ed-e9c3-4018-99ae-8d44fd9e8cec-768x513.jpg 768w, https:\/\/www.loron.fr\/wp-content\/uploads\/2025\/04\/58a989ed-e9c3-4018-99ae-8d44fd9e8cec-1536x1025.jpg 1536w, https:\/\/www.loron.fr\/wp-content\/uploads\/2025\/04\/58a989ed-e9c3-4018-99ae-8d44fd9e8cec-100x67.jpg 100w, https:\/\/www.loron.fr\/wp-content\/uploads\/2025\/04\/58a989ed-e9c3-4018-99ae-8d44fd9e8cec-500x334.jpg 500w, https:\/\/www.loron.fr\/wp-content\/uploads\/2025\/04\/58a989ed-e9c3-4018-99ae-8d44fd9e8cec-200x134.jpg 200w, https:\/\/www.loron.fr\/wp-content\/uploads\/2025\/04\/58a989ed-e9c3-4018-99ae-8d44fd9e8cec-350x234.jpg 350w, https:\/\/www.loron.fr\/wp-content\/uploads\/2025\/04\/58a989ed-e9c3-4018-99ae-8d44fd9e8cec-600x401.jpg 600w, https:\/\/www.loron.fr\/wp-content\/uploads\/2025\/04\/58a989ed-e9c3-4018-99ae-8d44fd9e8cec.jpg 1600w\" sizes=\"auto, (max-width: 1024px) 100vw, 1024px\" \/><\/figure>\n<\/figure>\n\n\n\n<blockquote class=\"wp-block-quote is-layout-flow wp-block-quote-is-layout-flow\">\n<p><\/p>\n<\/blockquote>\n\n\n\n<h2 class=\"wp-block-heading has-text-align-center\">MENU<\/h2>\n\n\n\n<h4 class=\"wp-block-heading has-text-align-center\">&#8220;L&#8217;Arriv\u00e9e d&#8217;un train en gare de La Ciota&#8221;<br><em>Goug\u00e8res au Comt\u00e9 Vieux, brioche vapeur au shiitake fum\u00e9<\/em><\/h4>\n\n\n\n<h4 class=\"wp-block-heading has-text-align-center\">&#8220;La P\u00eache aux poissons rouges&#8221;<br><em>Saumon en gravelax \u00e0 la betterave, mousse de raifort, tuile d\u2019amande<\/em><\/h4>\n\n\n\n<h4 class=\"wp-block-heading has-text-align-center\">&#8220;Le Jardinier&#8221;<br><em>Mini carottes du jardin d\u2019Augustin, sauce \u00e0 la carotte et au cumin, sarrasin souffl\u00e9<\/em><\/h4>\n\n\n\n<h4 class=\"wp-block-heading has-text-align-center\">&#8220;Le Repas de b\u00e9b\u00e9&#8221;<br><em>Joue de veau fondante cuite 72 heures, rubans de panais confits, \u00e9mulsion au beurre noisette, pulpe de panais \u00e0 la noisette<\/em><\/h4>\n\n\n\n<h4 class=\"wp-block-heading has-text-align-center\">&#8220;L\u2019Arroseur arros\u00e9&#8221;<br><em>Baba au Mont d\u2019Or, arros\u00e9 de vin jaune, salade \u00e0 l\u2019huile de noix<\/em><\/h4>\n\n\n\n<h4 class=\"wp-block-heading has-text-align-center\">&#8220;La Sortie de l&#8217;usine Lumi\u00e8re \u00e0 Lyon&#8221;<br><em>Chocolat 70% Guanaja de Valhrona, fruit de la passion<\/em><\/h4>\n\n\n\n<blockquote class=\"wp-block-quote is-layout-flow wp-block-quote-is-layout-flow\">\n<p><\/p>\n<\/blockquote>\n\n\n\n<div class=\"wp-block-buttons is-content-justification-center is-layout-flex wp-container-core-buttons-is-layout-2 wp-block-buttons-is-layout-flex\">\n<div class=\"wp-block-button\"><a class=\"wp-block-button__link has-text-align-center wp-element-button\" href=\"https:\/\/www.helloasso.com\/associations\/chateaux-en-beaujolais\/evenements\/sur-les-traces-des-freres-lumiere-chateau-bellevue-domaines-loron\" target=\"_blank\" rel=\"noreferrer noopener\">R\u00e9server<\/a><\/div>\n<\/div>\n\n\n\n<blockquote class=\"wp-block-quote is-layout-flow wp-block-quote-is-layout-flow\">\n<p><\/p>\n<\/blockquote>\n\n\n\n<blockquote class=\"wp-block-quote is-layout-flow wp-block-quote-is-layout-flow\">\n<p><\/p>\n<\/blockquote>\n\n\n\n<p><\/p>\n\n\n\n<h2 class=\"wp-block-heading has-text-align-center\">Jonathan Gomes Brandao<br>Chef Cuisinier<\/h2>\n\n\n\n<p class=\"has-text-align-center\">Originaire de Bourgogne, Jonathan grandit au sein du restaurant familial dans un milieu o\u00f9 le \u00ab bien manger \u00bb, le savoir-faire, la d\u00e9couverte par le go\u00fbt, le partage et la transmission sont une fa\u00e7on de vivre. Avec sa maman, Marie Dias, cheffe propri\u00e9taire du Coq \u00e0 Juli\u00e9nas et son fr\u00e8re, Marvin Brandao, chef propri\u00e9taire de la p\u00e2tisserie Alma \u00e0 Lyon, la gastronomie est une affaire de famille !<\/p>\n\n\n\n<p class=\"has-text-align-center\">Il commence son voyage gustatif, d\u00e8s l\u2019\u00e2ge de quinze ans, en apprentissage au Relais de Montmartre (une \u00e9toile au Michelin) avant de faire ses marques dans les restaurant \u00e9toil\u00e9s en France tels que, La Pyramide \u00e0 Vienne, l\u2019Arnsbourg en Alsace, au restaurant l\u2019Abeille du Shangri-La et \u00e0 la Tour d\u2019Argent \u00e0 Paris avant de traverser le monde en Nouvelle-Z\u00e9lande \u00e0 Huka Lodge et a Kauri Cliffs (h\u00f4tels 5 \u00e9toiles luxe et membre des grandes tables du monde) ou il officie depuis 8 ans en tant que chef de cuisine.&nbsp;<\/p>\n\n\n\n<p class=\"has-text-align-center\">Des palaces Parisiens et N\u00e9o-Z\u00e9landais aux petites maisons alsaciennes et bourguignonnes, Jonathan reste port\u00e9 par le m\u00eame \u00e9lan : celui de m\u00e9langer les cultures, quelles qu\u2019elles soient, laissant ainsi place \u00e0 une cuisine moderne, l\u00e9g\u00e8re et \u00e9co-responsable. Graphique, textur\u00e9e et pens\u00e9e dans les moindres d\u00e9tails, sa cuisine se pla\u00eet \u00e0 cheminer dans la cr\u00e9ativit\u00e9 avec un travail minutieux accord\u00e9 aux sauces. La technique oui, mais uniquement celle au service du go\u00fbt ! C\u2019est apr\u00e8s une quinzaine d\u2019ann\u00e9es prolifiques \u00e0 parcourir les saveurs que Jonathan d\u00e9cide de revenir l\u00e0 o\u00f9 il a commenc\u00e9, afin de devenir propri\u00e9taire \u00e0 son tour !<\/p>\n\n\n\n<figure class=\"wp-block-gallery has-nested-images columns-default is-cropped wp-block-gallery-3 is-layout-flex wp-block-gallery-is-layout-flex\">\n<figure class=\"wp-block-image size-large\"><img loading=\"lazy\" decoding=\"async\" width=\"684\" height=\"1024\" data-id=\"6867\" src=\"https:\/\/www.loron.fr\/wp-content\/uploads\/2025\/04\/4ec06306-3e68-4741-a9ba-0b4278a1260f-1-684x1024.jpg\" alt=\"\" class=\"wp-image-6867\" srcset=\"https:\/\/www.loron.fr\/wp-content\/uploads\/2025\/04\/4ec06306-3e68-4741-a9ba-0b4278a1260f-1-684x1024.jpg 684w, https:\/\/www.loron.fr\/wp-content\/uploads\/2025\/04\/4ec06306-3e68-4741-a9ba-0b4278a1260f-1-200x300.jpg 200w, https:\/\/www.loron.fr\/wp-content\/uploads\/2025\/04\/4ec06306-3e68-4741-a9ba-0b4278a1260f-1-768x1151.jpg 768w, https:\/\/www.loron.fr\/wp-content\/uploads\/2025\/04\/4ec06306-3e68-4741-a9ba-0b4278a1260f-1-1025x1536.jpg 1025w, https:\/\/www.loron.fr\/wp-content\/uploads\/2025\/04\/4ec06306-3e68-4741-a9ba-0b4278a1260f-1-67x100.jpg 67w, https:\/\/www.loron.fr\/wp-content\/uploads\/2025\/04\/4ec06306-3e68-4741-a9ba-0b4278a1260f-1-500x749.jpg 500w, https:\/\/www.loron.fr\/wp-content\/uploads\/2025\/04\/4ec06306-3e68-4741-a9ba-0b4278a1260f-1-134x200.jpg 134w, https:\/\/www.loron.fr\/wp-content\/uploads\/2025\/04\/4ec06306-3e68-4741-a9ba-0b4278a1260f-1-234x350.jpg 234w, https:\/\/www.loron.fr\/wp-content\/uploads\/2025\/04\/4ec06306-3e68-4741-a9ba-0b4278a1260f-1-600x899.jpg 600w, https:\/\/www.loron.fr\/wp-content\/uploads\/2025\/04\/4ec06306-3e68-4741-a9ba-0b4278a1260f-1.jpg 1068w\" sizes=\"auto, (max-width: 684px) 100vw, 684px\" \/><\/figure>\n\n\n\n<figure class=\"wp-block-image size-large\"><img loading=\"lazy\" decoding=\"async\" width=\"768\" height=\"1024\" data-id=\"6807\" src=\"https:\/\/www.loron.fr\/wp-content\/uploads\/2025\/04\/Le-chef-Jonathan-Gomes-Brandao-Chateau-Bellevue-Domaines-Loron-1-768x1024.jpg\" alt=\"\" class=\"wp-image-6807\" srcset=\"https:\/\/www.loron.fr\/wp-content\/uploads\/2025\/04\/Le-chef-Jonathan-Gomes-Brandao-Chateau-Bellevue-Domaines-Loron-1-768x1024.jpg 768w, https:\/\/www.loron.fr\/wp-content\/uploads\/2025\/04\/Le-chef-Jonathan-Gomes-Brandao-Chateau-Bellevue-Domaines-Loron-1-225x300.jpg 225w, https:\/\/www.loron.fr\/wp-content\/uploads\/2025\/04\/Le-chef-Jonathan-Gomes-Brandao-Chateau-Bellevue-Domaines-Loron-1-1152x1536.jpg 1152w, https:\/\/www.loron.fr\/wp-content\/uploads\/2025\/04\/Le-chef-Jonathan-Gomes-Brandao-Chateau-Bellevue-Domaines-Loron-1-75x100.jpg 75w, https:\/\/www.loron.fr\/wp-content\/uploads\/2025\/04\/Le-chef-Jonathan-Gomes-Brandao-Chateau-Bellevue-Domaines-Loron-1-500x667.jpg 500w, https:\/\/www.loron.fr\/wp-content\/uploads\/2025\/04\/Le-chef-Jonathan-Gomes-Brandao-Chateau-Bellevue-Domaines-Loron-1-150x200.jpg 150w, https:\/\/www.loron.fr\/wp-content\/uploads\/2025\/04\/Le-chef-Jonathan-Gomes-Brandao-Chateau-Bellevue-Domaines-Loron-1-263x350.jpg 263w, https:\/\/www.loron.fr\/wp-content\/uploads\/2025\/04\/Le-chef-Jonathan-Gomes-Brandao-Chateau-Bellevue-Domaines-Loron-1-600x800.jpg 600w, https:\/\/www.loron.fr\/wp-content\/uploads\/2025\/04\/Le-chef-Jonathan-Gomes-Brandao-Chateau-Bellevue-Domaines-Loron-1.jpg 1200w\" sizes=\"auto, (max-width: 768px) 100vw, 768px\" \/><\/figure>\n<\/figure>\n","protected":false},"excerpt":{"rendered":"<p>Acquis dans les ann\u00e9es 1940, le ch\u00e2teau fut la propri\u00e9t\u00e9 d\u2019Henri Lumi\u00e8re, fils d\u2019Auguste Lumi\u00e8re, pendant une d\u00e9cennie. Vins, repas gastronomique et animation th\u00e9\u00e2trale : 240\u20ac\/personne&#8211; Menu et portrait du chef en bas de page &#8211; MENU &#8220;L&#8217;Arriv\u00e9e d&#8217;un train en gare de La Ciota&#8221;Goug\u00e8res au Comt\u00e9 Vieux, brioche vapeur au shiitake fum\u00e9 &#8220;La P\u00eache [&hellip;]<\/p>\n","protected":false},"author":1,"featured_media":0,"parent":0,"menu_order":28,"comment_status":"closed","ping_status":"closed","template":"","meta":{"footnotes":""},"class_list":["post-4343","page","type-page","status-publish","hentry"],"acf":[],"yoast_head":"<!-- This site is optimized with the Yoast SEO plugin v18.4.1 - https:\/\/yoast.com\/wordpress\/plugins\/seo\/ -->\n<title>Sur les traces des Fr\u00e8res Lumi\u00e8re au Ch\u00e2teau Bellevue \u2013 Domaines Loron. D\u00eener immersif le samedi 15 novembre - Maison Jean Loron<\/title>\n<meta name=\"description\" content=\"L&#039;association Ch\u00e2teaux en Beaujolais lance une s\u00e9rie d&#039;\u00e9v\u00e8nements m\u00e9morables appel\u00e9s &quot;A Table avec l&#039;Histoire&quot;.Le Ch\u00e2teau Bellevue, situ\u00e9 au coeur du vignoble de Morgon, vous ouvre ses portes pour un banquet somptueux o\u00f9 l&#039;h\u00e9ritage historique et les racines viticoles se m\u00ealent harmonieusement !\" \/>\n<meta name=\"robots\" content=\"index, follow, max-snippet:-1, max-image-preview:large, max-video-preview:-1\" \/>\n<link rel=\"canonical\" href=\"https:\/\/www.loron.fr\/en\/freres-lumiere\/\" \/>\n<meta property=\"og:locale\" content=\"en_US\" \/>\n<meta property=\"og:type\" content=\"article\" \/>\n<meta property=\"og:title\" content=\"Sur les traces des Fr\u00e8res Lumi\u00e8re au Ch\u00e2teau Bellevue \u2013 Domaines Loron. D\u00eener immersif le samedi 15 novembre - Maison Jean Loron\" \/>\n<meta property=\"og:description\" content=\"L&#039;association Ch\u00e2teaux en Beaujolais lance une s\u00e9rie d&#039;\u00e9v\u00e8nements m\u00e9morables appel\u00e9s &quot;A Table avec l&#039;Histoire&quot;.Le Ch\u00e2teau Bellevue, situ\u00e9 au coeur du vignoble de Morgon, vous ouvre ses portes pour un banquet somptueux o\u00f9 l&#039;h\u00e9ritage historique et les racines viticoles se m\u00ealent harmonieusement !\" \/>\n<meta property=\"og:url\" content=\"https:\/\/www.loron.fr\/en\/freres-lumiere\/\" \/>\n<meta property=\"og:site_name\" content=\"Maison Jean Loron\" \/>\n<meta property=\"article:modified_time\" content=\"2025-05-16T10:13:57+00:00\" \/>\n<meta property=\"og:image\" content=\"https:\/\/www.loron.fr\/wp-content\/uploads\/2025\/04\/CEB_Key-Visual-A3-Automne-hiver-2025-26-724x1024.jpg\" \/>\n<meta name=\"twitter:card\" content=\"summary_large_image\" \/>\n<script type=\"application\/ld+json\" class=\"yoast-schema-graph\">{\"@context\":\"https:\/\/schema.org\",\"@graph\":[{\"@type\":\"WebSite\",\"@id\":\"https:\/\/www.loron.fr\/en\/#website\",\"url\":\"https:\/\/www.loron.fr\/en\/\",\"name\":\"Maison Jean Loron\",\"description\":\"Domaines viticoles en Beaujolais et M\u00e2connais\",\"potentialAction\":[{\"@type\":\"SearchAction\",\"target\":{\"@type\":\"EntryPoint\",\"urlTemplate\":\"https:\/\/www.loron.fr\/en\/?s={search_term_string}\"},\"query-input\":\"required name=search_term_string\"}],\"inLanguage\":\"en-US\"},{\"@type\":\"ImageObject\",\"@id\":\"https:\/\/www.loron.fr\/en\/freres-lumiere\/#primaryimage\",\"inLanguage\":\"en-US\",\"url\":\"https:\/\/www.loron.fr\/wp-content\/uploads\/2025\/04\/CEB_Key-Visual-A3-Automne-hiver-2025-26-724x1024.jpg\",\"contentUrl\":\"https:\/\/www.loron.fr\/wp-content\/uploads\/2025\/04\/CEB_Key-Visual-A3-Automne-hiver-2025-26-724x1024.jpg\"},{\"@type\":\"WebPage\",\"@id\":\"https:\/\/www.loron.fr\/en\/freres-lumiere\/#webpage\",\"url\":\"https:\/\/www.loron.fr\/en\/freres-lumiere\/\",\"name\":\"Sur les traces des Fr\u00e8res Lumi\u00e8re au Ch\u00e2teau Bellevue \u2013 Domaines Loron. D\u00eener immersif le samedi 15 novembre - Maison Jean Loron\",\"isPartOf\":{\"@id\":\"https:\/\/www.loron.fr\/en\/#website\"},\"primaryImageOfPage\":{\"@id\":\"https:\/\/www.loron.fr\/en\/freres-lumiere\/#primaryimage\"},\"datePublished\":\"2023-01-10T13:34:03+00:00\",\"dateModified\":\"2025-05-16T10:13:57+00:00\",\"description\":\"L'association Ch\u00e2teaux en Beaujolais lance une s\u00e9rie d'\u00e9v\u00e8nements m\u00e9morables appel\u00e9s \\\"A Table avec l'Histoire\\\".Le Ch\u00e2teau Bellevue, situ\u00e9 au coeur du vignoble de Morgon, vous ouvre ses portes pour un banquet somptueux o\u00f9 l'h\u00e9ritage historique et les racines viticoles se m\u00ealent harmonieusement !\",\"breadcrumb\":{\"@id\":\"https:\/\/www.loron.fr\/en\/freres-lumiere\/#breadcrumb\"},\"inLanguage\":\"en-US\",\"potentialAction\":[{\"@type\":\"ReadAction\",\"target\":[\"https:\/\/www.loron.fr\/en\/freres-lumiere\/\"]}]},{\"@type\":\"BreadcrumbList\",\"@id\":\"https:\/\/www.loron.fr\/en\/freres-lumiere\/#breadcrumb\",\"itemListElement\":[{\"@type\":\"ListItem\",\"position\":1,\"name\":\"Accueil\",\"item\":\"https:\/\/www.loron.fr\/en\/\"},{\"@type\":\"ListItem\",\"position\":2,\"name\":\"Sur les traces des Fr\u00e8res Lumi\u00e8re au Ch\u00e2teau Bellevue \u2013 Domaines Loron. D\u00eener immersif le samedi 15 novembre\"}]}]}<\/script>\n<!-- \/ Yoast SEO plugin. -->","yoast_head_json":{"title":"Sur les traces des Fr\u00e8res Lumi\u00e8re au Ch\u00e2teau Bellevue \u2013 Domaines Loron. D\u00eener immersif le samedi 15 novembre - Maison Jean Loron","description":"L'association Ch\u00e2teaux en Beaujolais lance une s\u00e9rie d'\u00e9v\u00e8nements m\u00e9morables appel\u00e9s \"A Table avec l'Histoire\".Le Ch\u00e2teau Bellevue, situ\u00e9 au coeur du vignoble de Morgon, vous ouvre ses portes pour un banquet somptueux o\u00f9 l'h\u00e9ritage historique et les racines viticoles se m\u00ealent harmonieusement !","robots":{"index":"index","follow":"follow","max-snippet":"max-snippet:-1","max-image-preview":"max-image-preview:large","max-video-preview":"max-video-preview:-1"},"canonical":"https:\/\/www.loron.fr\/en\/freres-lumiere\/","og_locale":"en_US","og_type":"article","og_title":"Sur les traces des Fr\u00e8res Lumi\u00e8re au Ch\u00e2teau Bellevue \u2013 Domaines Loron. D\u00eener immersif le samedi 15 novembre - Maison Jean Loron","og_description":"L'association Ch\u00e2teaux en Beaujolais lance une s\u00e9rie d'\u00e9v\u00e8nements m\u00e9morables appel\u00e9s \"A Table avec l'Histoire\".Le Ch\u00e2teau Bellevue, situ\u00e9 au coeur du vignoble de Morgon, vous ouvre ses portes pour un banquet somptueux o\u00f9 l'h\u00e9ritage historique et les racines viticoles se m\u00ealent harmonieusement !","og_url":"https:\/\/www.loron.fr\/en\/freres-lumiere\/","og_site_name":"Maison Jean Loron","article_modified_time":"2025-05-16T10:13:57+00:00","og_image":[{"url":"https:\/\/www.loron.fr\/wp-content\/uploads\/2025\/04\/CEB_Key-Visual-A3-Automne-hiver-2025-26-724x1024.jpg"}],"twitter_card":"summary_large_image","schema":{"@context":"https:\/\/schema.org","@graph":[{"@type":"WebSite","@id":"https:\/\/www.loron.fr\/en\/#website","url":"https:\/\/www.loron.fr\/en\/","name":"Maison Jean Loron","description":"Domaines viticoles en Beaujolais et M\u00e2connais","potentialAction":[{"@type":"SearchAction","target":{"@type":"EntryPoint","urlTemplate":"https:\/\/www.loron.fr\/en\/?s={search_term_string}"},"query-input":"required name=search_term_string"}],"inLanguage":"en-US"},{"@type":"ImageObject","@id":"https:\/\/www.loron.fr\/en\/freres-lumiere\/#primaryimage","inLanguage":"en-US","url":"https:\/\/www.loron.fr\/wp-content\/uploads\/2025\/04\/CEB_Key-Visual-A3-Automne-hiver-2025-26-724x1024.jpg","contentUrl":"https:\/\/www.loron.fr\/wp-content\/uploads\/2025\/04\/CEB_Key-Visual-A3-Automne-hiver-2025-26-724x1024.jpg"},{"@type":"WebPage","@id":"https:\/\/www.loron.fr\/en\/freres-lumiere\/#webpage","url":"https:\/\/www.loron.fr\/en\/freres-lumiere\/","name":"Sur les traces des Fr\u00e8res Lumi\u00e8re au Ch\u00e2teau Bellevue \u2013 Domaines Loron. D\u00eener immersif le samedi 15 novembre - Maison Jean Loron","isPartOf":{"@id":"https:\/\/www.loron.fr\/en\/#website"},"primaryImageOfPage":{"@id":"https:\/\/www.loron.fr\/en\/freres-lumiere\/#primaryimage"},"datePublished":"2023-01-10T13:34:03+00:00","dateModified":"2025-05-16T10:13:57+00:00","description":"L'association Ch\u00e2teaux en Beaujolais lance une s\u00e9rie d'\u00e9v\u00e8nements m\u00e9morables appel\u00e9s \"A Table avec l'Histoire\".Le Ch\u00e2teau Bellevue, situ\u00e9 au coeur du vignoble de Morgon, vous ouvre ses portes pour un banquet somptueux o\u00f9 l'h\u00e9ritage historique et les racines viticoles se m\u00ealent harmonieusement !","breadcrumb":{"@id":"https:\/\/www.loron.fr\/en\/freres-lumiere\/#breadcrumb"},"inLanguage":"en-US","potentialAction":[{"@type":"ReadAction","target":["https:\/\/www.loron.fr\/en\/freres-lumiere\/"]}]},{"@type":"BreadcrumbList","@id":"https:\/\/www.loron.fr\/en\/freres-lumiere\/#breadcrumb","itemListElement":[{"@type":"ListItem","position":1,"name":"Accueil","item":"https:\/\/www.loron.fr\/en\/"},{"@type":"ListItem","position":2,"name":"Sur les traces des Fr\u00e8res Lumi\u00e8re au Ch\u00e2teau Bellevue \u2013 Domaines Loron. D\u00eener immersif le samedi 15 novembre"}]}]}},"_links":{"self":[{"href":"https:\/\/www.loron.fr\/en\/wp-json\/wp\/v2\/pages\/4343","targetHints":{"allow":["GET"]}}],"collection":[{"href":"https:\/\/www.loron.fr\/en\/wp-json\/wp\/v2\/pages"}],"about":[{"href":"https:\/\/www.loron.fr\/en\/wp-json\/wp\/v2\/types\/page"}],"author":[{"embeddable":true,"href":"https:\/\/www.loron.fr\/en\/wp-json\/wp\/v2\/users\/1"}],"replies":[{"embeddable":true,"href":"https:\/\/www.loron.fr\/en\/wp-json\/wp\/v2\/comments?post=4343"}],"version-history":[{"count":58,"href":"https:\/\/www.loron.fr\/en\/wp-json\/wp\/v2\/pages\/4343\/revisions"}],"predecessor-version":[{"id":7030,"href":"https:\/\/www.loron.fr\/en\/wp-json\/wp\/v2\/pages\/4343\/revisions\/7030"}],"wp:attachment":[{"href":"https:\/\/www.loron.fr\/en\/wp-json\/wp\/v2\/media?parent=4343"}],"curies":[{"name":"wp","href":"https:\/\/api.w.org\/{rel}","templated":true}]}}